{"id":326,"date":"2020-06-09T19:32:28","date_gmt":"2020-06-09T19:32:28","guid":{"rendered":"http:\/\/bedandbreakfastdekemahuis.nl\/?page_id=326"},"modified":"2020-07-07T19:33:36","modified_gmt":"2020-07-07T19:33:36","slug":"geschichte","status":"publish","type":"page","link":"https:\/\/bedandbreakfastdekemahuis.nl\/?page_id=326&lang=de","title":{"rendered":"Geschichte"},"content":{"rendered":"\n<p>Das Dekemahuis ist urspr\u00fcnglich ein mittelalterliches Stin auf den Breedeplaats in der friesischen Stadt Franeker. Das Geb\u00e4ude aus der Zeit um 1500 war fr\u00fcher doppelt so breit, aber der westliche Teil wurde um 1900 abgerissen.<\/p>\n\n\n\n<p>Der erste Besitzer des Dekema-Hauses war Juw van Dekema und 1485 wird als Baujahr des Geb\u00e4udes genannt. Van Dekema fungierte als m\u00e4chtiger Staat Frieslands, Anwalt und Grietman von Baarderadeel. Sein Sohn Jarich van Dekema studierte in Leuven und war auch Anwalt und Grietman. Jarich heiratete Katrijn Camstra und sie lebten auch in den Dekemahuis. Es gibt noch Gem\u00e4lde dieses Paares im Dekemastat in Jelsum. Das Anwesen gelangte sp\u00e4ter in den Besitz ihrer Tochter Jel van Dekema. Um 1600 besa\u00df Jels &#8216;Schwester Annas Enkel Jarich van Ockinga das Anwesen.<\/p>\n\n\n\n<p>1660 wurde das Haus verkauft und B\u00fcrgermeister Henricus Schotanus \u00e0 Sterringa wurde Eigent\u00fcmer. Das Geb\u00e4ude hatte dann eine Halle, einen Raum im Obergeschoss, zwei Keller und vier R\u00e4ume im Obergeschoss. Das Haus hatte auch eine Kutsche und einen Pferdestall. Sp\u00e4ter wurde das Dekema-Haus von einer Reihe von Professoren an der Universit\u00e4t Franeker besetzt. Zum Beispiel h\u00e4tten Ulrik Huber, Petrus Camper, Everwinus Wassenbergh und Theodorus van Kooten dort gelebt.<\/p>\n\n\n\n<p>1757 wurde das Geb\u00e4ude in zwei Teile geteilt. Der westliche Teil diente zwischen 1798 und 1849 als Gasthaus und dann bis 1896 als Schule. Der \u00f6stliche Teil geh\u00f6rte 1819 Eduard Marius van Beyma, dem Grietman von Franekeradeel. Nach seinem Tod im Jahr 1825 \u00fcberlie\u00df er die Dekemahuis dem Franekeradeel grietenij. 1895 wurde das Martena-Haus gekauft, das heute als Rathaus fungieren sollte. Der westliche Teil wurde dann 1900 abgerissen. <\/p>\n\n\n\n<p>1894 wurde an der Ostseite direkt gegen die Dekemahuis ein Haus gebaut. Heute ist das verbleibende Dekema-Haus ebenfalls in zwei Teile geteilt, von denen der \u00f6stliche Teil mit dem angeschlossenen Haus verschmolzen ist. Die Dekemahuis erhielten 1967 den Status eines Nationaldenkmals. Da keine Erlaubnis zum Entfernen der Putzschicht erteilt wurde, sind die Kreuzg\u00e4nge des Geb\u00e4udes um 1800 hinter der Putzschicht versteckt und das Geb\u00e4ude \u00e4hnelt nicht den anderen Stinen in der Stadt: den Camminghahuis, Martenahuis oder Klein Botnia.<\/p>\n\n\n\n<figure class=\"wp-block-image size-large\"><img loading=\"lazy\" decoding=\"async\" width=\"937\" height=\"551\" src=\"http:\/\/https:\/\/www.bedandbreakfastdekemahuis.nl\/wp-content\/uploads\/2020\/06\/Dekemahuis_te_Franeker_voor_gedeeltelijke_afbraak.png\" alt=\"\" class=\"wp-image-327\" srcset=\"https:\/\/bedandbreakfastdekemahuis.nl\/wp-content\/uploads\/2020\/06\/Dekemahuis_te_Franeker_voor_gedeeltelijke_afbraak.png 937w, https:\/\/bedandbreakfastdekemahuis.nl\/wp-content\/uploads\/2020\/06\/Dekemahuis_te_Franeker_voor_gedeeltelijke_afbraak-300x176.png 300w, https:\/\/bedandbreakfastdekemahuis.nl\/wp-content\/uploads\/2020\/06\/Dekemahuis_te_Franeker_voor_gedeeltelijke_afbraak-768x452.png 768w\" sizes=\"auto, (max-width: 937px) 100vw, 937px\" \/><figcaption><br>Das Dekema-Haus um 1875 vor dem Abriss des rechten Teils<\/figcaption><\/figure>\n","protected":false},"excerpt":{"rendered":"<p>Das Dekemahuis ist urspr\u00fcnglich ein mittelalterliches Stin auf den Breedeplaats in der friesischen Stadt Franeker. Das Geb\u00e4ude aus der Zeit um 1500 war fr\u00fcher doppelt so breit, aber der westliche Teil wurde um 1900 abgerissen. Der erste Besitzer des Dekema-Hauses war Juw van Dekema und 1485 wird als Baujahr des Geb\u00e4udes genannt. Van Dekema fungierte [&hellip;]<\/p>\n","protected":false},"author":1,"featured_media":0,"parent":0,"menu_order":2,"comment_status":"closed","ping_status":"closed","template":"","meta":{"footnotes":""},"class_list":["post-326","page","type-page","status-publish","hentry"],"yoast_head":"<!-- This site is optimized with the Yoast SEO plugin v27.5 - https:\/\/yoast.com\/product\/yoast-seo-wordpress\/ -->\n<title>Geschichte - Bed and Breakfast Dekemahuis<\/title>\n<meta name=\"robots\" content=\"index, follow, max-snippet:-1, max-image-preview:large, max-video-preview:-1\" \/>\n<link rel=\"canonical\" href=\"https:\/\/bedandbreakfastdekemahuis.nl\/?page_id=326&lang=de\" \/>\n<meta property=\"og:locale\" content=\"nl_NL\" \/>\n<meta property=\"og:type\" content=\"article\" \/>\n<meta property=\"og:title\" content=\"Geschichte - Bed and Breakfast Dekemahuis\" \/>\n<meta property=\"og:description\" content=\"Das Dekemahuis ist urspr\u00fcnglich ein mittelalterliches Stin auf den Breedeplaats in der friesischen Stadt Franeker. Das Geb\u00e4ude aus der Zeit um 1500 war fr\u00fcher doppelt so breit, aber der westliche Teil wurde um 1900 abgerissen. Der erste Besitzer des Dekema-Hauses war Juw van Dekema und 1485 wird als Baujahr des Geb\u00e4udes genannt. Van Dekema fungierte [&hellip;]\" \/>\n<meta property=\"og:url\" content=\"https:\/\/bedandbreakfastdekemahuis.nl\/?page_id=326&amp;lang=de\" \/>\n<meta property=\"og:site_name\" content=\"Bed and Breakfast Dekemahuis\" \/>\n<meta property=\"article:publisher\" content=\"https:\/\/www.facebook.com\/Bed-and-Breakfast-Dekemahuis-100113801740109\/?ref=nf&amp;amp%3bamp%3bamp%3bhc_ref=ARRSiNTYTanH7JfdS9gjyJaWbj_YzmxISSiUXAHn684rWyem9xiow0GBEohp1vGiymQ\" \/>\n<meta property=\"article:modified_time\" content=\"2020-07-07T19:33:36+00:00\" \/>\n<meta property=\"og:image\" content=\"http:\/\/https:\/\/www.bedandbreakfastdekemahuis.nl\/wp-content\/uploads\/2020\/06\/Dekemahuis_te_Franeker_voor_gedeeltelijke_afbraak.png\" \/>\n<meta name=\"twitter:card\" content=\"summary_large_image\" \/>\n<meta name=\"twitter:label1\" content=\"Geschatte leestijd\" \/>\n\t<meta name=\"twitter:data1\" content=\"2 minuten\" \/>\n<script type=\"application\/ld+json\" class=\"yoast-schema-graph\">{\"@context\":\"https:\\\/\\\/schema.org\",\"@graph\":[{\"@type\":\"WebPage\",\"@id\":\"https:\\\/\\\/bedandbreakfastdekemahuis.nl\\\/?page_id=326&lang=de\",\"url\":\"https:\\\/\\\/bedandbreakfastdekemahuis.nl\\\/?page_id=326&lang=de\",\"name\":\"Geschichte - Bed and Breakfast Dekemahuis\",\"isPartOf\":{\"@id\":\"https:\\\/\\\/bedandbreakfastdekemahuis.nl\\\/#website\"},\"primaryImageOfPage\":{\"@id\":\"https:\\\/\\\/bedandbreakfastdekemahuis.nl\\\/?page_id=326&lang=de#primaryimage\"},\"image\":{\"@id\":\"https:\\\/\\\/bedandbreakfastdekemahuis.nl\\\/?page_id=326&lang=de#primaryimage\"},\"thumbnailUrl\":\"http:\\\/\\\/https:\\\/\\\/www.bedandbreakfastdekemahuis.nl\\\/wp-content\\\/uploads\\\/2020\\\/06\\\/Dekemahuis_te_Franeker_voor_gedeeltelijke_afbraak.png\",\"datePublished\":\"2020-06-09T19:32:28+00:00\",\"dateModified\":\"2020-07-07T19:33:36+00:00\",\"breadcrumb\":{\"@id\":\"https:\\\/\\\/bedandbreakfastdekemahuis.nl\\\/?page_id=326&lang=de#breadcrumb\"},\"inLanguage\":\"nl-NL\",\"potentialAction\":[{\"@type\":\"ReadAction\",\"target\":[\"https:\\\/\\\/bedandbreakfastdekemahuis.nl\\\/?page_id=326&lang=de\"]}]},{\"@type\":\"ImageObject\",\"inLanguage\":\"nl-NL\",\"@id\":\"https:\\\/\\\/bedandbreakfastdekemahuis.nl\\\/?page_id=326&lang=de#primaryimage\",\"url\":\"http:\\\/\\\/https:\\\/\\\/www.bedandbreakfastdekemahuis.nl\\\/wp-content\\\/uploads\\\/2020\\\/06\\\/Dekemahuis_te_Franeker_voor_gedeeltelijke_afbraak.png\",\"contentUrl\":\"http:\\\/\\\/https:\\\/\\\/www.bedandbreakfastdekemahuis.nl\\\/wp-content\\\/uploads\\\/2020\\\/06\\\/Dekemahuis_te_Franeker_voor_gedeeltelijke_afbraak.png\"},{\"@type\":\"BreadcrumbList\",\"@id\":\"https:\\\/\\\/bedandbreakfastdekemahuis.nl\\\/?page_id=326&lang=de#breadcrumb\",\"itemListElement\":[{\"@type\":\"ListItem\",\"position\":1,\"name\":\"Home\",\"item\":\"https:\\\/\\\/bedandbreakfastdekemahuis.nl\\\/\"},{\"@type\":\"ListItem\",\"position\":2,\"name\":\"Geschichte\"}]},{\"@type\":\"WebSite\",\"@id\":\"https:\\\/\\\/bedandbreakfastdekemahuis.nl\\\/#website\",\"url\":\"https:\\\/\\\/bedandbreakfastdekemahuis.nl\\\/\",\"name\":\"Bed and Breakfast Dekemahuis\",\"description\":\"Een oase in het hartje van de stad\",\"publisher\":{\"@id\":\"https:\\\/\\\/bedandbreakfastdekemahuis.nl\\\/#organization\"},\"potentialAction\":[{\"@type\":\"SearchAction\",\"target\":{\"@type\":\"EntryPoint\",\"urlTemplate\":\"https:\\\/\\\/bedandbreakfastdekemahuis.nl\\\/?s={search_term_string}\"},\"query-input\":{\"@type\":\"PropertyValueSpecification\",\"valueRequired\":true,\"valueName\":\"search_term_string\"}}],\"inLanguage\":\"nl-NL\"},{\"@type\":\"Organization\",\"@id\":\"https:\\\/\\\/bedandbreakfastdekemahuis.nl\\\/#organization\",\"name\":\"Bed And Breakfast Dekemahuis\",\"url\":\"https:\\\/\\\/bedandbreakfastdekemahuis.nl\\\/\",\"logo\":{\"@type\":\"ImageObject\",\"inLanguage\":\"nl-NL\",\"@id\":\"https:\\\/\\\/bedandbreakfastdekemahuis.nl\\\/#\\\/schema\\\/logo\\\/image\\\/\",\"url\":\"https:\\\/\\\/bedandbreakfastdekemahuis.nl\\\/wp-content\\\/uploads\\\/2020\\\/06\\\/Hero-Image.def_.zonder-adres.gif\",\"contentUrl\":\"https:\\\/\\\/bedandbreakfastdekemahuis.nl\\\/wp-content\\\/uploads\\\/2020\\\/06\\\/Hero-Image.def_.zonder-adres.gif\",\"width\":2400,\"height\":798,\"caption\":\"Bed And Breakfast Dekemahuis\"},\"image\":{\"@id\":\"https:\\\/\\\/bedandbreakfastdekemahuis.nl\\\/#\\\/schema\\\/logo\\\/image\\\/\"},\"sameAs\":[\"https:\\\/\\\/www.facebook.com\\\/Bed-and-Breakfast-Dekemahuis-100113801740109\\\/?ref=nf&amp;amp;amp;hc_ref=ARRSiNTYTanH7JfdS9gjyJaWbj_YzmxISSiUXAHn684rWyem9xiow0GBEohp1vGiymQ\"]}]}<\/script>\n<!-- \/ Yoast SEO plugin. -->","yoast_head_json":{"title":"Geschichte - Bed and Breakfast Dekemahuis","robots":{"index":"index","follow":"follow","max-snippet":"max-snippet:-1","max-image-preview":"max-image-preview:large","max-video-preview":"max-video-preview:-1"},"canonical":"https:\/\/bedandbreakfastdekemahuis.nl\/?page_id=326&lang=de","og_locale":"nl_NL","og_type":"article","og_title":"Geschichte - Bed and Breakfast Dekemahuis","og_description":"Das Dekemahuis ist urspr\u00fcnglich ein mittelalterliches Stin auf den Breedeplaats in der friesischen Stadt Franeker. Das Geb\u00e4ude aus der Zeit um 1500 war fr\u00fcher doppelt so breit, aber der westliche Teil wurde um 1900 abgerissen. Der erste Besitzer des Dekema-Hauses war Juw van Dekema und 1485 wird als Baujahr des Geb\u00e4udes genannt. Van Dekema fungierte [&hellip;]","og_url":"https:\/\/bedandbreakfastdekemahuis.nl\/?page_id=326&lang=de","og_site_name":"Bed and Breakfast Dekemahuis","article_publisher":"https:\/\/www.facebook.com\/Bed-and-Breakfast-Dekemahuis-100113801740109\/?ref=nf&amp%3bamp%3bamp%3bhc_ref=ARRSiNTYTanH7JfdS9gjyJaWbj_YzmxISSiUXAHn684rWyem9xiow0GBEohp1vGiymQ","article_modified_time":"2020-07-07T19:33:36+00:00","og_image":[{"url":"http:\/\/https:\/\/www.bedandbreakfastdekemahuis.nl\/wp-content\/uploads\/2020\/06\/Dekemahuis_te_Franeker_voor_gedeeltelijke_afbraak.png","type":"","width":"","height":""}],"twitter_card":"summary_large_image","twitter_misc":{"Geschatte leestijd":"2 minuten"},"schema":{"@context":"https:\/\/schema.org","@graph":[{"@type":"WebPage","@id":"https:\/\/bedandbreakfastdekemahuis.nl\/?page_id=326&lang=de","url":"https:\/\/bedandbreakfastdekemahuis.nl\/?page_id=326&lang=de","name":"Geschichte - Bed and Breakfast Dekemahuis","isPartOf":{"@id":"https:\/\/bedandbreakfastdekemahuis.nl\/#website"},"primaryImageOfPage":{"@id":"https:\/\/bedandbreakfastdekemahuis.nl\/?page_id=326&lang=de#primaryimage"},"image":{"@id":"https:\/\/bedandbreakfastdekemahuis.nl\/?page_id=326&lang=de#primaryimage"},"thumbnailUrl":"http:\/\/https:\/\/www.bedandbreakfastdekemahuis.nl\/wp-content\/uploads\/2020\/06\/Dekemahuis_te_Franeker_voor_gedeeltelijke_afbraak.png","datePublished":"2020-06-09T19:32:28+00:00","dateModified":"2020-07-07T19:33:36+00:00","breadcrumb":{"@id":"https:\/\/bedandbreakfastdekemahuis.nl\/?page_id=326&lang=de#breadcrumb"},"inLanguage":"nl-NL","potentialAction":[{"@type":"ReadAction","target":["https:\/\/bedandbreakfastdekemahuis.nl\/?page_id=326&lang=de"]}]},{"@type":"ImageObject","inLanguage":"nl-NL","@id":"https:\/\/bedandbreakfastdekemahuis.nl\/?page_id=326&lang=de#primaryimage","url":"http:\/\/https:\/\/www.bedandbreakfastdekemahuis.nl\/wp-content\/uploads\/2020\/06\/Dekemahuis_te_Franeker_voor_gedeeltelijke_afbraak.png","contentUrl":"http:\/\/https:\/\/www.bedandbreakfastdekemahuis.nl\/wp-content\/uploads\/2020\/06\/Dekemahuis_te_Franeker_voor_gedeeltelijke_afbraak.png"},{"@type":"BreadcrumbList","@id":"https:\/\/bedandbreakfastdekemahuis.nl\/?page_id=326&lang=de#breadcrumb","itemListElement":[{"@type":"ListItem","position":1,"name":"Home","item":"https:\/\/bedandbreakfastdekemahuis.nl\/"},{"@type":"ListItem","position":2,"name":"Geschichte"}]},{"@type":"WebSite","@id":"https:\/\/bedandbreakfastdekemahuis.nl\/#website","url":"https:\/\/bedandbreakfastdekemahuis.nl\/","name":"Bed and Breakfast Dekemahuis","description":"Een oase in het hartje van de stad","publisher":{"@id":"https:\/\/bedandbreakfastdekemahuis.nl\/#organization"},"potentialAction":[{"@type":"SearchAction","target":{"@type":"EntryPoint","urlTemplate":"https:\/\/bedandbreakfastdekemahuis.nl\/?s={search_term_string}"},"query-input":{"@type":"PropertyValueSpecification","valueRequired":true,"valueName":"search_term_string"}}],"inLanguage":"nl-NL"},{"@type":"Organization","@id":"https:\/\/bedandbreakfastdekemahuis.nl\/#organization","name":"Bed And Breakfast Dekemahuis","url":"https:\/\/bedandbreakfastdekemahuis.nl\/","logo":{"@type":"ImageObject","inLanguage":"nl-NL","@id":"https:\/\/bedandbreakfastdekemahuis.nl\/#\/schema\/logo\/image\/","url":"https:\/\/bedandbreakfastdekemahuis.nl\/wp-content\/uploads\/2020\/06\/Hero-Image.def_.zonder-adres.gif","contentUrl":"https:\/\/bedandbreakfastdekemahuis.nl\/wp-content\/uploads\/2020\/06\/Hero-Image.def_.zonder-adres.gif","width":2400,"height":798,"caption":"Bed And Breakfast Dekemahuis"},"image":{"@id":"https:\/\/bedandbreakfastdekemahuis.nl\/#\/schema\/logo\/image\/"},"sameAs":["https:\/\/www.facebook.com\/Bed-and-Breakfast-Dekemahuis-100113801740109\/?ref=nf&amp;amp;amp;hc_ref=ARRSiNTYTanH7JfdS9gjyJaWbj_YzmxISSiUXAHn684rWyem9xiow0GBEohp1vGiymQ"]}]}},"_links":{"self":[{"href":"https:\/\/bedandbreakfastdekemahuis.nl\/index.php?rest_route=\/wp\/v2\/pages\/326","targetHints":{"allow":["GET"]}}],"collection":[{"href":"https:\/\/bedandbreakfastdekemahuis.nl\/index.php?rest_route=\/wp\/v2\/pages"}],"about":[{"href":"https:\/\/bedandbreakfastdekemahuis.nl\/index.php?rest_route=\/wp\/v2\/types\/page"}],"author":[{"embeddable":true,"href":"https:\/\/bedandbreakfastdekemahuis.nl\/index.php?rest_route=\/wp\/v2\/users\/1"}],"replies":[{"embeddable":true,"href":"https:\/\/bedandbreakfastdekemahuis.nl\/index.php?rest_route=%2Fwp%2Fv2%2Fcomments&post=326"}],"version-history":[{"count":1,"href":"https:\/\/bedandbreakfastdekemahuis.nl\/index.php?rest_route=\/wp\/v2\/pages\/326\/revisions"}],"predecessor-version":[{"id":328,"href":"https:\/\/bedandbreakfastdekemahuis.nl\/index.php?rest_route=\/wp\/v2\/pages\/326\/revisions\/328"}],"wp:attachment":[{"href":"https:\/\/bedandbreakfastdekemahuis.nl\/index.php?rest_route=%2Fwp%2Fv2%2Fmedia&parent=326"}],"curies":[{"name":"wp","href":"https:\/\/api.w.org\/{rel}","templated":true}]}}